{"id":11359,"date":"2020-08-15T16:28:34","date_gmt":"2020-08-15T13:28:34","guid":{"rendered":"https:\/\/yenader.org\/?page_id=11359"},"modified":"2020-08-18T16:59:43","modified_gmt":"2020-08-18T13:59:43","slug":"faaliyetlerimiz","status":"publish","type":"page","link":"https:\/\/yenader.org\/tr_tr\/faaliyetlerimiz\/","title":{"rendered":"Faaliyetlerimiz"},"content":{"rendered":"<p>[vc_row css_animation=&#8221;slideInUp&#8221; cspt-responsive-css=&#8221;47251949|colbreak_no|||||||||colbreak_no|||||||||colbreak_no||||||10||10||colbreak_no|||||||||&#8221;][vc_column][vc_custom_heading text=&#8221;YEN\u0130LENEB\u0130L\u0130R ENERJ\u0130 ARA\u015eTIRMALARI DERNE\u011e\u0130&#8221; font_container=&#8221;tag:h2|text_align:center&#8221; use_theme_fonts=&#8221;yes&#8221; css=&#8221;.vc_custom_1597644841058{padding-bottom: 20px !important;}&#8221;][vc_column_text]<\/p>\n<section class=\"elementor-element elementor-element-0953fc8 elementor-section-boxed elementor-section-height-default elementor-section-height-default elementor-section elementor-top-section\" data-id=\"0953fc8\" data-element_type=\"section\">\n<div class=\"elementor-container elementor-column-gap-default\">\n<div class=\"elementor-row\">\n<div class=\"elementor-element elementor-element-b06ab30 elementor-column elementor-col-100 elementor-top-column\" data-id=\"b06ab30\" data-element_type=\"column\">\n<div class=\"elementor-column-wrap elementor-element-populated\">\n<div class=\"elementor-widget-wrap\">\n<div class=\"elementor-element elementor-element-c52ee2f elementor-widget elementor-widget-text-editor\" data-id=\"c52ee2f\" data-element_type=\"widget\" data-widget_type=\"text-editor.default\">\n<div class=\"elementor-widget-container\">\n<div class=\"elementor-text-editor elementor-clearfix\">\n<h4><strong>Faaliyetlerimiz<\/strong><br \/>\n<strong>Edindi\u011fimiz g\u00f6rev, \u00fclkemizin yenilenebilir enerji kaynaklar\u0131 alan\u0131nda mevcut potansiyelini ortaya koymak, temiz ve milli enerji bilincinin olu\u015fmas\u0131n\u0131 sa\u011flamak, bu bilinci yaymak ve s\u00fcrekli k\u0131labilmektir. Bu misyonla yola \u00e7\u0131kan YEN\u0130LENEB\u0130L\u0130R ENERJ\u0130 ARA\u015eTIRMALARI DERNE\u011e\u0130 faaliyet alanlar\u0131n\u0131 da a\u015fa\u011f\u0131daki \u015fekilde belirlemi\u015ftir.<\/strong><\/h4>\n<p>&nbsp;<\/p>\n<\/div>\n<\/div>\n<\/div>\n<\/div>\n<\/div>\n<\/div>\n<\/div>\n<\/div>\n<\/section>\n<section class=\"elementor-element elementor-element-c103056 elementor-section-boxed elementor-section-height-default elementor-section-height-default elementor-section elementor-top-section\" data-id=\"c103056\" data-element_type=\"section\">\n<div class=\"elementor-container elementor-column-gap-default\">\n<div class=\"elementor-row\">\n<div class=\"elementor-element elementor-element-ab5d375 elementor-column elementor-col-100 elementor-top-column\" data-id=\"ab5d375\" data-element_type=\"column\">\n<div class=\"elementor-column-wrap elementor-element-populated\">\n<div class=\"elementor-widget-wrap\">\n<div class=\"elementor-element elementor-element-826f51d elementor-widget elementor-widget-text-editor\" data-id=\"826f51d\" data-element_type=\"widget\" data-widget_type=\"text-editor.default\">\n<div class=\"elementor-widget-container\">\n<div class=\"elementor-text-editor elementor-clearfix\">\n<h5><strong>I. KAMU YARARINA Y\u00d6NEL\u0130K FAAL\u0130YETLER<\/strong><\/h5>\n<p>a) Yenilenebilir enerji kaynaklar\u0131n\u0131n kullan\u0131m ve uygulama bilincinin \u00fclke \u00e7ap\u0131nda olu\u015fturulmas\u0131 konunun geni\u015f halk kitlelerine yayg\u0131nla\u015ft\u0131r\u0131lmas\u0131 y\u00f6n\u00fcnde projeler olu\u015fturmak ve ilgili mercilere sunmak.<br \/>\nb) \u00c7evre ve gelecek nesiller i\u00e7in yenilenebilir enerji konusunda bilin\u00e7lendirme \u00e7al\u0131\u015fmas\u0131nda bulunmak, enerji t\u00fcketim masraflar\u0131n\u0131 azaltmak, yenilenebilir enerji kaynaklar\u0131n\u0131 benimseterek temiz enerjiye y\u00f6neltmek, k\u00fcresel \u0131s\u0131nma m\u00fccadelesinde do\u011fan\u0131n korunmas\u0131na katk\u0131da bulunmak, ilgili kurumlar ile i\u015fbirli\u011fi kurarak kavranmas\u0131n\u0131 sa\u011flamak.<br \/>\nc) D\u00fcnyadaki sekt\u00f6r ile ilgili \u00e7al\u0131\u015fmalar ve uygulamalar\u0131 inceleyip T\u00fcrkiye\u2019ye adaptasyonunu sa\u011flamak. D\u00fcnyadaki benzer sivil toplum kurulu\u015flar\u0131yla ileti\u015fim ve ortak \u00e7al\u0131\u015fma ve faaliyetleri i\u00e7erisinde olmak. \u00dclke \u00e7ap\u0131nda yenilenebilir enerji konusunda bilin\u00e7lendirme ve aktivite \u00e7al\u0131\u015fmalar\u0131nda bulunmak. Yenilenebilir enerji ile enerji ithalat\u0131m\u0131z\u0131n azalaca\u011f\u0131n\u0131 kan\u0131tlamak ve \u00fclke ekonomisine katk\u0131lar\u0131 y\u00f6n\u00fcnde ekonomik birimler nezdinde giri\u015fimlerde bulunmak ve d\u00fczenlemeler yap\u0131lmas\u0131na katk\u0131da bulunmak.<br \/>\nd) Yenilenebilir enerji kaynaklar\u0131n\u0131n daha \u00e7ok kullan\u0131labilmesi i\u00e7in te\u015fvik yasalar\u0131n\u0131n \u00e7\u0131kar\u0131lmas\u0131nda dernek i\u00e7erisinde komisyonlar kurmak, ilgili kurulu\u015flara g\u00f6r\u00fc\u015fler bildirmek ve \u00e7al\u0131\u015ftaylara kat\u0131lmak.<br \/>\ne) Yenilenebilir enerji kaynaklar\u0131n\u0131n kullan\u0131m ve uygulama bilincinin \u00fclke \u00e7ap\u0131nda olu\u015fturulmas\u0131 konunun geni\u015f halk kitlelerine yayg\u0131nla\u015ft\u0131r\u0131lmas\u0131 y\u00f6n\u00fcnde projeler olu\u015fturmak ve ilgili mercilere sunmak.<br \/>\nf) Gerek \u00fcyeler ve gerekse \u00fcye olmayanlar\u0131n haklar\u0131n\u0131n korunmas\u0131 ve bilgilendirilmesi ba\u011flam\u0131nda gerekli her t\u00fcrl\u00fc yasal giri\u015fimlerde bulunmak, bu y\u00f6nde al\u0131nabilecek tedbirler konusunda \u00f6n \u00e7al\u0131\u015fmalar yaparak ilgili kurum ve kurulu\u015flar ile birlikte hareket etmek.<br \/>\ng) Yenilenebilir enerji sistemlerinde olmas\u0131 gereken standartlar\u0131n belirlenmesi i\u00e7in ilgili kamu kurumlar\u0131 ile ortak hareket eder.<br \/>\n\u0131) Yurt i\u00e7i ve yurt d\u0131\u015f\u0131 uzman e\u011fitimciler ve kurulu\u015flar ile ortak faaliyetler y\u00fcr\u00fcterek sekt\u00f6r\u00fcn ve uygulay\u0131c\u0131lar\u0131n geli\u015fimini sa\u011flamak.<br \/>\ni) Ara\u015ft\u0131rma-geli\u015ftirme faaliyetlerini ve bu ama\u00e7la gerek derne\u011fe \u00fcye kurulu\u015flar, gerekse \u00fcniversiteler ve ara\u015ft\u0131rma kurulu\u015flar\u0131 aras\u0131ndaki i\u015f ve g\u00fc\u00e7 birli\u011fini desteklemek.<br \/>\nj) Konu ile ilgili e\u011fitim mod\u00fcl\u00fc ve sistemlerini haz\u0131rlamak, mesleki e\u011fitimler vermek. Bunun i\u00e7in Meslek Liseleri, \u00dcniversiteler, \u0130lgili resmi daireler, di\u011fer meslek kurulu\u015flar\u0131 ve \u00fcyeler ile birlikte \u00e7al\u0131\u015fmalar yapmak.<br \/>\nk) Dernek yukar\u0131daki ama\u00e7lar\u0131 ger\u00e7ekle\u015ftirmek i\u00e7in toplant\u0131, e\u011fitim ve seminerler d\u00fczenler, sergi ve fuarlara kat\u0131l\u0131r, bro\u015f\u00fcr ve teknik dok\u00fcman yay\u0131nlar ve da\u011f\u0131t\u0131r. Bas\u0131n organlar\u0131nda d\u00fczenlenen ilgili faaliyetlere kat\u0131l\u0131r. Gazetede ve dergilerde, i\u015ftigal konular\u0131yla ilgili her t\u00fcrl\u00fc reklam propaganda ve tan\u0131t\u0131m ama\u00e7lar\u0131ndan faydalanabilir. Dernek ta\u015f\u0131nmaz mal edinebilir ve satabilir. Dergi gazete v.b. bas\u0131m yay\u0131n faaliyetlerinde bulunabilir, bu yay\u0131n organlar\u0131na reklam alabilir. \u0130ktisadi te\u015fekk\u00fcller kurabilir.<br \/>\nl) Dernek, ba\u015fta T\u00fcrkiye\u2019de \u00e7e\u015fitli kalk\u0131nma \u00e7al\u0131\u015fmalar\u0131na destek veren Kalk\u0131nma ajanslar\u0131na, Avrupa Birli\u011fi, D\u00fcnya Bankas\u0131, Birle\u015fmi\u015f Milletler b\u00fcnyesindeki kurulu\u015flar olmak \u00fczere di\u011fer uluslararas\u0131 kalk\u0131nma kurum ve kurulu\u015flar\u0131yla, do\u011frudan insani ve acil yard\u0131m ve kalk\u0131nmay\u0131 ama\u00e7layan proje ve programlarla hukuki d\u00fczenlemelerin gerektirdi\u011fi ko\u015fullar\u0131 yerine getirerek ortak uygulama ve i\u015fbirli\u011fi yapabilir, bu kurulu\u015flardan ba\u011f\u0131\u015f ve teknik yard\u0131m alabilir.<\/p>\n<h5><strong>II. \u00dcN\u0130VERS\u0130TE, B\u0130L\u0130M KURULU\u015eLARI VE ARA\u015eTIRMA GEL\u0130\u015eT\u0130RME KURUMLARI \u0130LE \u0130\u015eB\u0130RL\u0130\u011e\u0130NE Y\u00d6NEL\u0130K FAAL\u0130YETLER<\/strong><\/h5>\n<p>a) \u00dcniversiteler ile bilimsel platformda i\u015flenmesi ve \u00e7evre bilinci konular\u0131n\u0131n geli\u015ftirilmesi y\u00f6n\u00fcnde i\u015fbirli\u011fi ortam\u0131 yaratmak,<br \/>\nb) Ara\u015ft\u0131rma ve Geli\u015ftirme Kurulu\u015flar\u0131 ile m\u00fc\u015ftereken, mevcut enerji kaynaklar\u0131ndan enerji \u00fcretimi konular\u0131n\u0131 geli\u015ftirici ara\u015ft\u0131rma projeleri olu\u015fturmak.<\/p>\n<h5><strong>STANDARD\u0130ZASYON FAAL\u0130YETLER\u0130<\/strong><\/h5>\n<p>) Derne\u011fin ama\u00e7lar\u0131 do\u011frultusunda \u00fcye veya talep eden ilgili t\u00fczel ki\u015filiklere standartlara, kanun, y\u00f6netmelikle ilgili mevzuatlara uyum konusunda destek vermek.<br \/>\nb) Yenilenebilir enerji kaynaklanan enerji \u00fcretimi ekipmanlar\u0131 ve uygulamalar\u0131 konusunda mevcut standartlar\u0131n g\u00fcncelle\u015fmesi ve ihtiyaca uygun \u015fekilde geli\u015ftirilmesi, mevcut olmayanlar i\u00e7in yeni standartlar haz\u0131rlanmas\u0131 konular\u0131nda d\u00fczenleme yapan kamu kurumlar\u0131 ile temaslar kurularak \u00f6nerilerde bulunmak ve d\u00fczenleme \u00e7al\u0131\u015fmalar\u0131na derne\u011fe \u00fcye t\u00fczel ki\u015filikler ad\u0131na kat\u0131lmak.<br \/>\nc) \u0130lgili merciler taraf\u0131ndan standartlar\u0131 belirlenmi\u015f yenilenebilir enerji kaynaklar\u0131 enerji \u00fcretimi ekipmanlar\u0131 konusunda \u00fcyelerini ve ilgililerini bilgilendirmek.<br \/>\nd) Bu standartlar\u0131n geli\u015ftirilmesi ve mevcut \u015feklin s\u00fcrekli g\u00fcncel tutulmas\u0131 ile ilgili geli\u015fen bu teknoloji ile ilgili d\u00fcnyadaki di\u011fer standartlardaki de\u011fi\u015fiklikleri de izleyerek gerek g\u00f6rd\u00fc\u011f\u00fc d\u00fczenleme ve g\u00fcncellemelerin yap\u0131lmas\u0131n\u0131 sa\u011flamak.<\/p>\n<h5><strong>\u0130\u015e B\u0130RL\u0130\u011e\u0130 FAAL\u0130YETLER\u0130<\/strong><\/h5>\n<p>a) Yenilenebilir enerji kaynaklar\u0131n\u0131n \u00fclke yararlar\u0131 a\u00e7\u0131s\u0131ndan \u00f6nemi ve kamuoyu bilinci olu\u015fturulmas\u0131 y\u00f6n\u00fcnde yurt i\u00e7i ve d\u0131\u015f\u0131nda do\u011frudan dolayl\u0131 olarak benzer amaca hizmet eden ve m\u00fc\u015fterek hareket ile sonuca var\u0131lmas\u0131nda fayda m\u00fctalaa edilen t\u00fcm kurum, kurulu\u015f ve organizasyonlar ile entegrasyon sa\u011flanmas\u0131 y\u00f6n\u00fcnde giri\u015fimde bulunmak ve i\u015fbirli\u011fi ortam\u0131 yaratmak.<br \/>\nb) Bug\u00fcne kadar bu konu ile ilgili direkt veya endirekt kurulmu\u015f t\u00fcm dernek, vak\u0131f, platform gibi olu\u015fumlar\u0131 da i\u00e7erisine alacak \u015fekilde ileti\u015fim i\u00e7erisinde olmak ve derne\u011fin vizyonu ve geli\u015fimi i\u00e7in katk\u0131 sa\u011flayacak yap\u0131lanmalarla entegre olmak.<br \/>\nc) \u0130\u015fbirli\u011fine ge\u00e7ilmesinde fayda g\u00f6r\u00fclen durumlarda \u00fcyelerini bilgilendirmek.<\/p>\n<h5><strong>E\u011e\u0130T\u0130M, TANITIM VE YAYIN FAAL\u0130YETLER\u0130<\/strong><\/h5>\n<p>YENADER amac\u0131n\u0131 ger\u00e7ekle\u015ftirmek \u00fczere ulusal ve uluslararas\u0131 platformlarda;<br \/>\nE\u011fitim ve\/veya tan\u0131t\u0131m ama\u00e7l\u0131 olarak, toplant\u0131, seminer, sempozyum d\u00fczenlemek ve benzer d\u00fczenlemelere kat\u0131lmak,<br \/>\nSergi ve fuar organizasyonlar\u0131 d\u00fczenlemek veya benzeri d\u00fczenlemelere kat\u0131lmak,<br \/>\nBro\u015f\u00fcr, teknik dok\u00fcman, dergi v.b. yay\u0131mlar haz\u0131rlamak ve da\u011f\u0131t\u0131m\u0131n\u0131 yapmak,<br \/>\nBas\u0131n ve yay\u0131n organlar\u0131n\u0131n taleplerini cevaplamak ve bu aktivitelere kat\u0131l\u0131mda bulunmak,<br \/>\nFaaliyet konular\u0131 ile ilgili ve\/veya faaliyet konular\u0131 ile do\u011frudan ya da dolayl\u0131 olarak ilgili olan sair konularda her t\u00fcrl\u00fc reklam, tan\u0131t\u0131m ve propaganda \u00e7al\u0131\u015fmalar\u0131 yapmak ve bu amaca y\u00f6nelik aktivitelere kat\u0131lmak,<br \/>\nTeknik elemanlar\u0131n ve uygulay\u0131c\u0131lar\u0131n e\u011fitimini sa\u011flamak ve bu e\u011fitimi ilgili resmi kurum ve kurulu\u015flardan al\u0131nan yetkiyle sertifikayla belgelendirme \u00e7al\u0131\u015fmalar\u0131 yapmak.<\/p>\n<h5><strong>\u00dcYELERE Y\u00d6NEL\u0130K FAAL\u0130YETLER<\/strong><\/h5>\n<p>T\u00fcz\u00fck uyar\u0131nca \u00fcye kay\u0131tlar\u0131 yapmak,<br \/>\n\u00dcyeler aras\u0131nda birlik, beraberlik ve dayan\u0131\u015fman\u0131n temini y\u00f6n\u00fcnde, k\u00fclt\u00fcrel, sosyal ve sportif aktiviteler ve etkinlikler d\u00fczenlemek,<br \/>\n\u00dcyelerin k\u00fclt\u00fcrel, sosyal ve sportif ama\u00e7l\u0131 olarak bir arada bulunmalar\u0131n\u0131 ve derne\u011fin \u00e7al\u0131\u015fmalar\u0131n\u0131 bir kompleks yap\u0131la\u015fma i\u00e7inde daha verimli ve d\u00fczenli bir bi\u00e7im de s\u00fcrd\u00fcrebilmesini teminen uygun bir mahalde dernek binas\u0131n\u0131 ve m\u00fc\u015ftemilat\u0131n\u0131n edinilmesi y\u00f6n\u00fcnde \u00e7al\u0131\u015fmalar yapmak ve sonu\u00e7land\u0131rmak,<\/p>\n<h5><strong>D\u0130\u011eER FAAL\u0130YETLER<\/strong><\/h5>\n<p>Ama\u00e7 ve hizmet konular\u0131 ile ilgili olarak gelir artt\u0131r\u0131c\u0131 projeler i\u00e7in ortakl\u0131klar, iktisadi i\u015fletmeler, vak\u0131f ve yard\u0131mla\u015fma sand\u0131\u011f\u0131 kurmak ve\/veya an\u0131lan kurulu\u015flarla i\u015fbirli\u011finde bulunmak,<br \/>\nGenel Kurulun karar\u0131 ve yasal gerekliliklerin yerine getirilmesi ko\u015fullar\u0131 ile yurt i\u00e7inde ve yurt d\u0131\u015f\u0131nda gerekli g\u00f6r\u00fclen yerlerde \u015fube a\u00e7mak,<\/p>\n<\/div>\n<\/div>\n<\/div>\n<\/div>\n<\/div>\n<\/div>\n<\/div>\n<\/div>\n<\/section>\n<p>[\/vc_column_text][\/vc_column][\/vc_row]<\/p>\n","protected":false},"excerpt":{"rendered":"<p>[vc_row css_animation=&#8221;slideInUp&#8221; cspt-responsive-css=&#8221;47251949|colbreak_no|||||||||colbreak_no|||||||||colbreak_no||||||10||10||colbreak_no|||||||||&#8221;][vc_column][vc_custom_heading text=&#8221;YEN\u0130LENEB\u0130L\u0130R ENERJ\u0130 ARA\u015eTIRMALARI DERNE\u011e\u0130&#8221; font_container=&#8221;tag:h2|text_align:center&#8221; use_theme_fonts=&#8221;yes&#8221; css=&#8221;.vc_custom_1597644841058{padding-bottom: 20px !important;}&#8221;][vc_column_text] Faaliyetlerimiz Edindi\u011fimiz g\u00f6rev, \u00fclkemizin yenilenebilir enerji kaynaklar\u0131 alan\u0131nda mevcut potansiyelini ortaya koymak, temiz ve milli enerji bilincinin olu\u015fmas\u0131n\u0131 sa\u011flamak, bu bilinci yaymak ve s\u00fcrekli k\u0131labilmektir. Bu misyonla yola \u00e7\u0131kan YEN\u0130LENEB\u0130L\u0130R ENERJ\u0130 ARA\u015eTIRMALARI DERNE\u011e\u0130 faaliyet alanlar\u0131n\u0131 da a\u015fa\u011f\u0131daki \u015fekilde belirlemi\u015ftir. &nbsp; I. KAMU YARARINA [&hellip;]<\/p>\n","protected":false},"author":2,"featured_media":0,"parent":0,"menu_order":0,"comment_status":"closed","ping_status":"closed","template":"","meta":[],"acf":[],"_links":{"self":[{"href":"https:\/\/yenader.org\/tr_tr\/wp-json\/wp\/v2\/pages\/11359"}],"collection":[{"href":"https:\/\/yenader.org\/tr_tr\/wp-json\/wp\/v2\/pages"}],"about":[{"href":"https:\/\/yenader.org\/tr_tr\/wp-json\/wp\/v2\/types\/page"}],"author":[{"embeddable":true,"href":"https:\/\/yenader.org\/tr_tr\/wp-json\/wp\/v2\/users\/2"}],"replies":[{"embeddable":true,"href":"https:\/\/yenader.org\/tr_tr\/wp-json\/wp\/v2\/comments?post=11359"}],"version-history":[{"count":9,"href":"https:\/\/yenader.org\/tr_tr\/wp-json\/wp\/v2\/pages\/11359\/revisions"}],"predecessor-version":[{"id":11510,"href":"https:\/\/yenader.org\/tr_tr\/wp-json\/wp\/v2\/pages\/11359\/revisions\/11510"}],"wp:attachment":[{"href":"https:\/\/yenader.org\/tr_tr\/wp-json\/wp\/v2\/media?parent=11359"}],"curies":[{"name":"wp","href":"https:\/\/api.w.org\/{rel}","templated":true}]}}