{"id":10849,"date":"2020-08-05T16:08:21","date_gmt":"2020-08-05T13:08:21","guid":{"rendered":"https:\/\/yenader.org\/?page_id=10849"},"modified":"2020-10-23T10:51:21","modified_gmt":"2020-10-23T07:51:21","slug":"hakkimizda","status":"publish","type":"page","link":"https:\/\/yenader.org\/tr_tr\/hakkimizda\/","title":{"rendered":"Hakk\u0131m\u0131zda"},"content":{"rendered":"<p>[vc_row css_animation=&#8221;slideInUp&#8221; cspt-responsive-css=&#8221;12463792|colbreak_no|||||||||colbreak_no|||||||||colbreak_no||||||10||10||colbreak_no|||||||||&#8221;][vc_column css=&#8221;.vc_custom_1597496401603{padding-bottom: 20px !important;}&#8221;][vc_custom_heading text=&#8221;Yenilenebilir Enerji Ara\u015ft\u0131rmalar\u0131 Derne\u011fi Hakk\u0131nda&#8221; font_container=&#8221;tag:h2|text_align:center&#8221; use_theme_fonts=&#8221;yes&#8221;][\/vc_column][\/vc_row][vc_row css_animation=&#8221;slideInUp&#8221; cspt-responsive-css=&#8221;35293050|colbreak_no|||||||||colbreak_no|||||||||colbreak_no||||||10||10||colbreak_no|||||||||&#8221;][vc_column][vc_column_text]Yenilenebilir enerji kaynaklar\u0131n\u0131n kullan\u0131m\u0131n\u0131n yayg\u0131nla\u015ft\u0131r\u0131lmas\u0131 ve geli\u015ftirilmesine katk\u0131 sa\u011flamak, enerji verimlili\u011fi hakk\u0131nda bilin\u00e7lendirme \u00e7al\u0131\u015fmalar\u0131 ger\u00e7ekle\u015ftirmek, do\u011fal \u00e7evrenin korunmas\u0131, yenilenebilir enerji kaynaklar\u0131n\u0131n verimli, yayg\u0131n kullan\u0131m\u0131 ve \u00fclke ekonomisine katk\u0131s\u0131 konusunda kamuoyu olu\u015fturmak amac\u0131yla kurulan sivil toplum kurulu\u015fudur.<br \/>\nYenilenebilir enerji alan\u0131nda faaliyet g\u00f6steren \u00fclkelerdeki sivil toplum kurulu\u015flar\u0131yla i\u015fbirli\u011fi geli\u015ftirmeyi ve kalk\u0131nma deneyimlerini bu \u00fclkelerdeki kurum ve kurulu\u015flarla her d\u00fczlem de payla\u015fmay\u0131 ama\u00e7layan Yenilenebilir Enerji Ara\u015ft\u0131rmalar\u0131 Derne\u011fi, \u00fcniversiteler, ara\u015ft\u0131rma ve geli\u015ftirme kurulu\u015flar\u0131 vb. bilimsel kurumlar ile diyalog kurularak yenilenebilir enerjinin bilimsel gereklili\u011fi konusunda i\u015fbirli\u011fi ortam\u0131 olu\u015fturmak ve yenilenebilir enerjiden elektrik \u00fcretmenin ekonomiye ve bireylere olan olumlu etkileri y\u00f6n\u00fcnde halk kitlelerini bilgilendirmek \u00f6nceli\u011fidir.[\/vc_column_text][\/vc_column][\/vc_row]<\/p>\n","protected":false},"excerpt":{"rendered":"<p>[vc_row css_animation=&#8221;slideInUp&#8221; cspt-responsive-css=&#8221;12463792|colbreak_no|||||||||colbreak_no|||||||||colbreak_no||||||10||10||colbreak_no|||||||||&#8221;][vc_column css=&#8221;.vc_custom_1597496401603{padding-bottom: 20px !important;}&#8221;][vc_custom_heading text=&#8221;Yenilenebilir Enerji Ara\u015ft\u0131rmalar\u0131 Derne\u011fi Hakk\u0131nda&#8221; font_container=&#8221;tag:h2|text_align:center&#8221; use_theme_fonts=&#8221;yes&#8221;][\/vc_column][\/vc_row][vc_row css_animation=&#8221;slideInUp&#8221; cspt-responsive-css=&#8221;35293050|colbreak_no|||||||||colbreak_no|||||||||colbreak_no||||||10||10||colbreak_no|||||||||&#8221;][vc_column][vc_column_text]Yenilenebilir enerji kaynaklar\u0131n\u0131n kullan\u0131m\u0131n\u0131n yayg\u0131nla\u015ft\u0131r\u0131lmas\u0131 ve geli\u015ftirilmesine katk\u0131 sa\u011flamak, enerji verimlili\u011fi hakk\u0131nda bilin\u00e7lendirme \u00e7al\u0131\u015fmalar\u0131 ger\u00e7ekle\u015ftirmek, do\u011fal \u00e7evrenin korunmas\u0131, yenilenebilir enerji kaynaklar\u0131n\u0131n verimli, yayg\u0131n kullan\u0131m\u0131 ve \u00fclke ekonomisine katk\u0131s\u0131 konusunda kamuoyu olu\u015fturmak amac\u0131yla kurulan sivil toplum kurulu\u015fudur. Yenilenebilir enerji alan\u0131nda faaliyet g\u00f6steren [&hellip;]<\/p>\n","protected":false},"author":2,"featured_media":0,"parent":0,"menu_order":0,"comment_status":"closed","ping_status":"closed","template":"","meta":[],"acf":[],"_links":{"self":[{"href":"https:\/\/yenader.org\/tr_tr\/wp-json\/wp\/v2\/pages\/10849"}],"collection":[{"href":"https:\/\/yenader.org\/tr_tr\/wp-json\/wp\/v2\/pages"}],"about":[{"href":"https:\/\/yenader.org\/tr_tr\/wp-json\/wp\/v2\/types\/page"}],"author":[{"embeddable":true,"href":"https:\/\/yenader.org\/tr_tr\/wp-json\/wp\/v2\/users\/2"}],"replies":[{"embeddable":true,"href":"https:\/\/yenader.org\/tr_tr\/wp-json\/wp\/v2\/comments?post=10849"}],"version-history":[{"count":12,"href":"https:\/\/yenader.org\/tr_tr\/wp-json\/wp\/v2\/pages\/10849\/revisions"}],"predecessor-version":[{"id":12084,"href":"https:\/\/yenader.org\/tr_tr\/wp-json\/wp\/v2\/pages\/10849\/revisions\/12084"}],"wp:attachment":[{"href":"https:\/\/yenader.org\/tr_tr\/wp-json\/wp\/v2\/media?parent=10849"}],"curies":[{"name":"wp","href":"https:\/\/api.w.org\/{rel}","templated":true}]}}